{"id":28,"date":"2023-03-10T01:07:05","date_gmt":"2023-03-10T01:07:05","guid":{"rendered":"http:\/\/www.mbinc.studio\/?page_id=28"},"modified":"2024-04-29T22:17:16","modified_gmt":"2024-04-29T22:17:16","slug":"notre-equipe","status":"publish","type":"page","link":"https:\/\/www.prosceniumstudio.com\/es\/notre-equipe\/","title":{"rendered":"Nuestro equipo"},"content":{"rendered":"<p>[et_pb_section fb_built=\u00a0\u00bb1&Prime; custom_padding_last_edited=\u00a0\u00bbon|phone\u00a0\u00bb admin_label=\u00a0\u00bbsection\u00a0\u00bb module_id=\u00a0\u00bbtop\u00a0\u00bb _builder_version=\u00a0\u00bb4.22.2&Prime; background_image=\u00a0\u00bbhttps:\/\/www.prosceniumstudio.com\/wp-content\/uploads\/2023\/10\/Organigrame-Header-scaled.jpg\u00a0\u00bb min_height_tablet=\u00a0\u00bb\u00a0\u00bb min_height_phone=\u00a0\u00bb\u00a0\u00bb min_height_last_edited=\u00a0\u00bbon|phone\u00a0\u00bb max_height_tablet=\u00a0\u00bb\u00a0\u00bb max_height_phone=\u00a0\u00bb250px\u00a0\u00bb max_height_last_edited=\u00a0\u00bbon|desktop\u00a0\u00bb custom_padding=\u00a0\u00bb250px||250px|||\u00a0\u00bb custom_padding_tablet=\u00a0\u00bb150px||150px||false|false\u00a0\u00bb custom_padding_phone=\u00a0\u00bb50px||50px||false|false\u00a0\u00bb background_last_edited=\u00a0\u00bbon|phone\u00a0\u00bb global_colors_info=\u00a0\u00bb{}\u00a0\u00bb][et_pb_row custom_padding_last_edited=\u00a0\u00bbon|phone\u00a0\u00bb _builder_version=\u00a0\u00bb4.22.2&Prime; _module_preset=\u00a0\u00bbdefault\u00a0\u00bb custom_margin=\u00a0\u00bb|auto|-3px|auto||\u00a0\u00bb custom_padding=\u00a0\u00bb25px||25px||false|false\u00a0\u00bb custom_padding_tablet=\u00a0\u00bb15px||15px||false|false\u00a0\u00bb custom_padding_phone=\u00a0\u00bb10px||10px||false|false\u00a0\u00bb global_colors_info=\u00a0\u00bb{}\u00a0\u00bb][et_pb_column type=\u00a0\u00bb4_4&Prime; _builder_version=\u00a0\u00bb4.22.2&Prime; _module_preset=\u00a0\u00bbdefault\u00a0\u00bb global_colors_info=\u00a0\u00bb{}\u00a0\u00bb][et_pb_text _builder_version=\u00a0\u00bb4.22.2&Prime; _module_preset=\u00a0\u00bbdefault\u00a0\u00bb text_text_color=\u00a0\u00bb#000000&Prime; text_font_size=\u00a0\u00bb50px\u00a0\u00bb text_line_height=\u00a0\u00bb1.2em\u00a0\u00bb header_text_align=\u00a0\u00bbcenter\u00a0\u00bb header_text_color=\u00a0\u00bb#FFFFFF\u00a0\u00bb custom_padding=\u00a0\u00bb25px||25px||false|false\u00a0\u00bb custom_padding_tablet=\u00a0\u00bb10px||10px||false|false\u00a0\u00bb custom_padding_phone=\u00a0\u00bb10px||10px||false|false\u00a0\u00bb custom_padding_last_edited=\u00a0\u00bbon|phone\u00a0\u00bb text_font_size_tablet=\u00a0\u00bb40px\u00a0\u00bb text_font_size_phone=\u00a0\u00bb25px\u00a0\u00bb text_font_size_last_edited=\u00a0\u00bbon|phone\u00a0\u00bb global_colors_info=\u00a0\u00bb{}\u00a0\u00bb]<\/p>\n<p style=\"text-align: center;\"><strong>Notre \u00e9quipe de direction<\/strong><\/p>\n<p>[\/et_pb_text][\/et_pb_column][\/et_pb_row][\/et_pb_section][et_pb_section fb_built=\u00a0\u00bb1&Prime; custom_padding_last_edited=\u00a0\u00bbon|phone\u00a0\u00bb _builder_version=\u00a0\u00bb4.22.2&Prime; _module_preset=\u00a0\u00bbdefault\u00a0\u00bb custom_padding_tablet=\u00a0\u00bb25px||25px||true|false\u00a0\u00bb custom_padding_phone=\u00a0\u00bb25px||25px||true|false\u00a0\u00bb global_colors_info=\u00a0\u00bb{}\u00a0\u00bb][et_pb_row _builder_version=\u00a0\u00bb4.22.2&Prime; _module_preset=\u00a0\u00bbdefault\u00a0\u00bb width_tablet=\u00a0\u00bb95%\u00a0\u00bb width_phone=\u00a0\u00bb90%\u00a0\u00bb width_last_edited=\u00a0\u00bbon|desktop\u00a0\u00bb custom_margin=\u00a0\u00bb0px||0px||true|false\u00a0\u00bb custom_margin_tablet=\u00a0\u00bb0px|20px|0px|20px|true|true\u00a0\u00bb custom_margin_phone=\u00a0\u00bb0px|20px|0px|20px|true|true\u00a0\u00bb custom_margin_last_edited=\u00a0\u00bbon|tablet\u00a0\u00bb custom_padding=\u00a0\u00bb0px||0px||true|false\u00a0\u00bb global_colors_info=\u00a0\u00bb{}\u00a0\u00bb][et_pb_column type=\u00a0\u00bb4_4&Prime; _builder_version=\u00a0\u00bb4.22.2&Prime; _module_preset=\u00a0\u00bbdefault\u00a0\u00bb global_colors_info=\u00a0\u00bb{}\u00a0\u00bb][et_pb_text _builder_version=\u00a0\u00bb4.22.2&Prime; _module_preset=\u00a0\u00bbdefault\u00a0\u00bb text_font_size=\u00a0\u00bb25px\u00a0\u00bb text_line_height=\u00a0\u00bb1.8em\u00a0\u00bb width_tablet=\u00a0\u00bb\u00a0\u00bb width_phone=\u00a0\u00bb\u00a0\u00bb width_last_edited=\u00a0\u00bbon|desktop\u00a0\u00bb text_font_size_tablet=\u00a0\u00bb18px\u00a0\u00bb text_font_size_phone=\u00a0\u00bb16px\u00a0\u00bb text_font_size_last_edited=\u00a0\u00bbon|phone\u00a0\u00bb global_colors_info=\u00a0\u00bb{}\u00a0\u00bb]<\/p>\n<p style=\"text-align: center;\"><span style=\"color: #035b45;\">Les membres de l\u2019\u00e9quipe Proscenium Studio sont issus du milieu des arts de la sc\u00e8ne et de l\u2019\u00e9v\u00e9nementiel, notre approche s\u2019appuie sur la compr\u00e9hension des r\u00e9els besoins des usagers. Toutes les solutions retenues tiennent compte des r\u00e9sultats attendus par les artistes, les directeurs, les techniciens et autres utilisateurs. Comme nous avons l\u2019habitude de fr\u00e9quenter et d\u2019utiliser les lieux culturels et plus particuli\u00e8rement les salles de spectacles pour pr\u00e9senter, produire et cr\u00e9er des\u00a0prestations\u00a0de toutes disciplines, instinctivement les choix d\u2019am\u00e9nagement et d\u2019\u00e9quipements s\u2019appuient et se justifient sur une exp\u00e9rience utilisateur.<\/span><\/p>\n<p>[\/et_pb_text][\/et_pb_column][\/et_pb_row][\/et_pb_section][et_pb_section fb_built=\u00a0\u00bb1&Prime; custom_padding_last_edited=\u00a0\u00bbon|phone\u00a0\u00bb _builder_version=\u00a0\u00bb4.22.2&Prime; _module_preset=\u00a0\u00bbdefault\u00a0\u00bb custom_padding_tablet=\u00a0\u00bb25px||25px||true|false\u00a0\u00bb custom_padding_phone=\u00a0\u00bb25px||25px||true|false\u00a0\u00bb global_colors_info=\u00a0\u00bb{}\u00a0\u00bb][et_pb_row column_structure=\u00a0\u00bb1_2,1_2&Prime; _builder_version=\u00a0\u00bb4.22.2&Prime; _module_preset=\u00a0\u00bbdefault\u00a0\u00bb custom_padding=\u00a0\u00bb25px||25px||true|false\u00a0\u00bb global_colors_info=\u00a0\u00bb{}\u00a0\u00bb][et_pb_column type=\u00a0\u00bb1_2&Prime; _builder_version=\u00a0\u00bb4.22.2&Prime; _module_preset=\u00a0\u00bbdefault\u00a0\u00bb global_colors_info=\u00a0\u00bb{}\u00a0\u00bb][et_pb_image src=\u00a0\u00bbhttps:\/\/www.prosceniumstudio.com\/wp-content\/uploads\/2024\/01\/Mario-Brien-2023-1000&#215;1000-1.jpg\u00a0\u00bb title_text=\u00a0\u00bbMario Brien-2023-1000&#215;1000&Prime; align=\u00a0\u00bbcenter\u00a0\u00bb align_tablet=\u00a0\u00bbcenter\u00a0\u00bb align_phone=\u00a0\u00bbcenter\u00a0\u00bb align_last_edited=\u00a0\u00bbon|desktop\u00a0\u00bb _builder_version=\u00a0\u00bb4.23.4&Prime; _module_preset=\u00a0\u00bbdefault\u00a0\u00bb max_height=\u00a0\u00bb540px\u00a0\u00bb max_height_tablet=\u00a0\u00bb\u00a0\u00bb max_height_phone=\u00a0\u00bb540px\u00a0\u00bb max_height_last_edited=\u00a0\u00bbon|phone\u00a0\u00bb border_radii=\u00a0\u00bbon|15px|15px|15px|15px\u00a0\u00bb global_colors_info=\u00a0\u00bb{}\u00a0\u00bb][\/et_pb_image][\/et_pb_column][et_pb_column type=\u00a0\u00bb1_2&Prime; _builder_version=\u00a0\u00bb4.22.2&Prime; _module_preset=\u00a0\u00bbdefault\u00a0\u00bb global_colors_info=\u00a0\u00bb{}\u00a0\u00bb][et_pb_text _builder_version=\u00a0\u00bb4.22.2&Prime; _module_preset=\u00a0\u00bbdefault\u00a0\u00bb text_font_size=\u00a0\u00bb20px\u00a0\u00bb text_line_height=\u00a0\u00bb1.8em\u00a0\u00bb width_tablet=\u00a0\u00bb\u00a0\u00bb width_phone=\u00a0\u00bb\u00a0\u00bb width_last_edited=\u00a0\u00bbon|desktop\u00a0\u00bb text_font_size_tablet=\u00a0\u00bb18px\u00a0\u00bb text_font_size_phone=\u00a0\u00bb16px\u00a0\u00bb text_font_size_last_edited=\u00a0\u00bbon|phone\u00a0\u00bb header_font_size_tablet=\u00a0\u00bb\u00a0\u00bb header_font_size_phone=\u00a0\u00bb25px\u00a0\u00bb header_font_size_last_edited=\u00a0\u00bbon|phone\u00a0\u00bb global_colors_info=\u00a0\u00bb{}\u00a0\u00bb]<\/p>\n<p class=\"has-huge-font-size\"><span style=\"color: #035b45;\"><strong style=\"font-size: var(--wp--preset--font-size--huge);\">Mario Brien<\/strong><strong><\/strong><\/span><\/p>\n<p class=\"has-medium-font-size\"><span style=\"color: #035b45;\"><strong><span style=\"font-size: xx-large;\">\u00c9tudes :<\/span><br \/><\/strong><strong><\/strong><strong><\/strong><strong>Attestation R\u00e9gie G\u00e9n\u00e9rale Th\u00e9\u00e2tre National<\/strong><\/span><br \/><span style=\"color: #035b45;\"><strong>de Strasbourg<\/strong><\/span><br \/><span style=\"color: #035b45;\">1990<\/span><\/p>\n<p class=\"has-medium-font-size\"><span style=\"color: #035b45;\"><strong>DEC en Production th\u00e9\u00e2trale \u2013 Option Th\u00e9\u00e2tre<\/strong><\/span><br \/><span style=\"color: #035b45;\"><strong>de Ste-Th\u00e9r\u00e8se<br \/><\/strong>1987 \u00e0 1989<\/span><\/p>\n<p class=\"has-medium-font-size\"><span style=\"color: #035b45;\"><strong>Langue Espagnol Escuela Tecun Uman Guatemala\u00a0<\/strong><\/span><br \/><span style=\"color: #035b45;\">1986<\/span><\/p>\n<p class=\"has-medium-font-size\"><span style=\"color: #035b45;\"><strong>DEP en Dessin technique Qu\u00e9bec\u00a0<\/strong><strong><\/strong><\/span><br \/><span style=\"color: #035b45;\">1985<\/span><\/p>\n<p>[\/et_pb_text][\/et_pb_column][\/et_pb_row][et_pb_row _builder_version=\u00a0\u00bb4.22.2&Prime; _module_preset=\u00a0\u00bbdefault\u00a0\u00bb custom_padding=\u00a0\u00bb25px||25px||true|false\u00a0\u00bb global_colors_info=\u00a0\u00bb{}\u00a0\u00bb][et_pb_column type=\u00a0\u00bb4_4&Prime; _builder_version=\u00a0\u00bb4.22.2&Prime; _module_preset=\u00a0\u00bbdefault\u00a0\u00bb global_colors_info=\u00a0\u00bb{}\u00a0\u00bb][et_pb_text _builder_version=\u00a0\u00bb4.22.2&Prime; _module_preset=\u00a0\u00bbdefault\u00a0\u00bb text_font_size=\u00a0\u00bb20px\u00a0\u00bb text_line_height=\u00a0\u00bb1.8em\u00a0\u00bb width_tablet=\u00a0\u00bb\u00a0\u00bb width_phone=\u00a0\u00bb\u00a0\u00bb width_last_edited=\u00a0\u00bbon|desktop\u00a0\u00bb text_font_size_tablet=\u00a0\u00bb18px\u00a0\u00bb text_font_size_phone=\u00a0\u00bb16px\u00a0\u00bb text_font_size_last_edited=\u00a0\u00bbon|phone\u00a0\u00bb global_colors_info=\u00a0\u00bb{}\u00a0\u00bb]<\/p>\n<p><span style=\"color: #035b45;\">Mario \u0153uvre dans le milieu des arts de la sc\u00e8ne comme consultant en sc\u00e9nographie et int\u00e9grateur technique, directeur de production et directeur technique, depuis plus de 30 ans.<\/span><\/p>\n<p><span style=\"color: #035b45;\">Ayant fait plusieurs ann\u00e9es de cr\u00e9ation et de tourn\u00e9e ici et \u00e0 l\u2019\u00e9tranger en portant les chapeaux de directeur de production, directeur technique et r\u00e9gisseur avec les compagnies de danse La La La Human Steps et Carbone 14, pour ne nommer que celles-l\u00e0, il f\u00fbt appel\u00e9 \u00e0 travailler dans diff\u00e9rents types de th\u00e9\u00e2tres, allant du th\u00e9\u00e2tre \u00e0 g\u00e9om\u00e9trie variable \u00e0 la salle d\u2019op\u00e9ra, et ce dans diff\u00e9rents pays, coutumes et m\u00e9thodologies. En ext\u00e9rieur comme en int\u00e9rieur, il est un utilisateur d\u2019espace sc\u00e9nique et sait adapter un spectacle aux espaces et l\u2019espace aux spectacles.<\/span><\/p>\n<p><span style=\"color: #035b45;\">De plus, parall\u00e8lement aux cr\u00e9ations et tourn\u00e9es, Mario a toujours travaill\u00e9 comme directeur technique et directeur de production \u00e0 la pr\u00e9sentation et diffusion de spectacles, que ce soit avec le Festival des Am\u00e9riques, le Festival de Nouvelle Danse ou encore aupr\u00e8s de la Place des Arts. Lors de ces diffusions, ses fonctions \u00e9taient d\u2019analyser les fiches techniques et besoins artistiques des spectacles \u00e0 diffuser, et de louer les salles ad\u00e9quates qui r\u00e9pondent aux besoins artistiques et techniques des productions \u00e0 pr\u00e9senter. Il devait pr\u00e9parer techniquement les salles avec \u00e9quipements et personnels pour le montage, les r\u00e9p\u00e9titions, spectacles et d\u00e9montage des productions. Il devait aussi pr\u00e9parer les budgets de production, les faire approuver et ensuite assurer la gestion budg\u00e9taire des productions. Bien s\u00fbr, il devait s\u2019assurer que le r\u00e9sultat artistique des prestations soit au rendez-vous et qu\u2019ils r\u00e9pondent aux attentes des metteurs en sc\u00e8ne, chor\u00e9graphes et concepteurs.<\/span><\/p>\n<p><span style=\"color: #035b45;\">Durant ces intenses ann\u00e9es, il fit l\u2019acquisition d\u2019une fine expertise et connaissance en \u00e9quipement sc\u00e9nographique, audiovisuel et en gestion de projets. Il fut par la suite approch\u00e9 par des firmes d\u2019architectes l\u2019invitant \u00e0 participer \u00e0 la r\u00e9alisation de projets de salle de spectacles et autres espaces culturels. En 2014 il fonde l\u2019entreprise Mario Brien Inc. devenue aujourd\u2019hui Proscenium Studio consultant en sc\u00e9nographie, int\u00e9gration technique. Depuis l\u2019entreprise a r\u00e9alis\u00e9 plus d\u2019une quinzaine de projets de salles de spectacles, mus\u00e9es et espaces culturels. Il a aussi particip\u00e9 \u00e0 plus d\u2019une vingtaine d\u2019\u00e9tudes d\u2019avant-projet et programmes de construction. S\u2019ajoute occasionnellement \u00e0 cette pratique, la cr\u00e9ation et la diffusion de spectacles \u00e0 titre de directeur de production et directeur technique. La production de spectacles, quoiqu\u2019occasionnelle, lui permet de pr\u00e9server la vision d\u2019utilisateurs de lieu de prestation, ce qui est selon lui essentiel dans la pratique du consultant en sc\u00e9nographie.<\/span><\/p>\n<p><span style=\"color: #035b45;\">Il est constamment \u00e0 l\u2019affut des nouveaut\u00e9s en termes d\u2019\u00e9quipement sc\u00e9nographique, technologique et num\u00e9rique par le biais de recherches et de salons sp\u00e9cialis\u00e9s, et ce, afin de mieux servir les cr\u00e9ateurs. Il est \u00e0 m\u00eame de prodiguer des conseils afin d\u2019orienter les investissements vers des \u00e9quipements qui r\u00e9pondront aux besoins actuels et qui resteront \u00e0 jour technologiquement le plus longtemps possible.<\/span><\/p>\n<p><span style=\"color: #035b45;\">Grand p\u00e9dagogue et bon vulgarisateur, il est g\u00e9n\u00e9reux de son savoir. Son approche conviviale fait en sorte que les clients avec qui il a le privil\u00e8ge de collaborer se sentent compris et respect\u00e9s tout au long du processus. Il sait \u00e9galement s\u2019entourer de collaborateurs chevronn\u00e9s qui partagent les m\u00eames valeurs.<\/span><\/p>\n<p><span style=\"color: #035b45;\">Mario Brien se veut au service des cr\u00e9ateurs et croit que le meilleur investissement reste le r\u00e9sultat artistique.<\/span><\/p>\n<p>[\/et_pb_text][\/et_pb_column][\/et_pb_row][\/et_pb_section][et_pb_section fb_built=\u00a0\u00bb1&Prime; custom_padding_last_edited=\u00a0\u00bbon|phone\u00a0\u00bb _builder_version=\u00a0\u00bb4.22.2&Prime; _module_preset=\u00a0\u00bbdefault\u00a0\u00bb background_color=\u00a0\u00bb#035B45&Prime; custom_padding_tablet=\u00a0\u00bb25px||25px||true|false\u00a0\u00bb custom_padding_phone=\u00a0\u00bb25px||25px||true|false\u00a0\u00bb global_colors_info=\u00a0\u00bb{}\u00a0\u00bb][et_pb_row column_structure=\u00a0\u00bb1_2,1_2&Prime; _builder_version=\u00a0\u00bb4.22.2&Prime; _module_preset=\u00a0\u00bbdefault\u00a0\u00bb custom_padding=\u00a0\u00bb25px||25px||true|false\u00a0\u00bb global_colors_info=\u00a0\u00bb{}\u00a0\u00bb][et_pb_column type=\u00a0\u00bb1_2&Prime; _builder_version=\u00a0\u00bb4.22.2&Prime; _module_preset=\u00a0\u00bbdefault\u00a0\u00bb global_colors_info=\u00a0\u00bb{}\u00a0\u00bb][et_pb_image src=\u00a0\u00bbhttps:\/\/www.prosceniumstudio.com\/wp-content\/uploads\/2024\/01\/Michel-Loiselle-1000&#215;1000-1.jpg\u00a0\u00bb title_text=\u00a0\u00bbMichel Loiselle-1000&#215;1000&Prime; align=\u00a0\u00bbcenter\u00a0\u00bb _builder_version=\u00a0\u00bb4.23.4&Prime; _module_preset=\u00a0\u00bbdefault\u00a0\u00bb max_height=\u00a0\u00bb540px\u00a0\u00bb max_height_tablet=\u00a0\u00bb\u00a0\u00bb max_height_phone=\u00a0\u00bb\u00a0\u00bb max_height_last_edited=\u00a0\u00bbon|phone\u00a0\u00bb border_radii=\u00a0\u00bbon|15px|15px|15px|15px\u00a0\u00bb global_colors_info=\u00a0\u00bb{}\u00a0\u00bb][\/et_pb_image][\/et_pb_column][et_pb_column type=\u00a0\u00bb1_2&Prime; _builder_version=\u00a0\u00bb4.22.2&Prime; _module_preset=\u00a0\u00bbdefault\u00a0\u00bb global_colors_info=\u00a0\u00bb{}\u00a0\u00bb][et_pb_text _builder_version=\u00a0\u00bb4.22.2&Prime; _module_preset=\u00a0\u00bbdefault\u00a0\u00bb text_font_size=\u00a0\u00bb20px\u00a0\u00bb text_line_height=\u00a0\u00bb1.8em\u00a0\u00bb width_tablet=\u00a0\u00bb\u00a0\u00bb width_phone=\u00a0\u00bb\u00a0\u00bb width_last_edited=\u00a0\u00bbon|desktop\u00a0\u00bb text_font_size_tablet=\u00a0\u00bb18px\u00a0\u00bb text_font_size_phone=\u00a0\u00bb16px\u00a0\u00bb text_font_size_last_edited=\u00a0\u00bbon|phone\u00a0\u00bb global_colors_info=\u00a0\u00bb{}\u00a0\u00bb]<\/p>\n<p class=\"has-huge-font-size\"><span style=\"color: #ffffff;\"><strong style=\"font-size: var(--wp--preset--font-size--huge);\">Michel Loiselle<\/strong><strong><\/strong><\/span><\/p>\n<p class=\"has-medium-font-size\"><span style=\"color: #ffffff;\"><strong><span style=\"font-size: xx-large;\">\u00c9tudes :<\/span> <br \/><\/strong><\/span><span style=\"color: #ffffff;\"><strong>Institut des techniques de sc\u00e8ne du Qu\u00e9bec inc.<\/strong><\/span><br \/><span style=\"color: #ffffff;\">1986-1987<\/span><\/p>\n<p class=\"has-medium-font-size\"><span style=\"color: #ffffff;\"><strong>Stage de formation professionnelle en sonorisation de spectacle <\/strong><\/span><\/p>\n<p class=\"has-medium-font-size\"><span style=\"color: #ffffff;\"><strong>Stage de formation professionnelle en \u00e9clairage de sc\u00e8ne et autres techniques de sc\u00e8ne<\/strong><\/span><\/p>\n<p class=\"has-medium-font-size\"><strong style=\"color: #ffffff; font-size: 20px;\">Coll\u00e8ge Saint-Charles Garnier cours de langue espagnole\u00a0<br \/><\/strong><span style=\"color: #ffffff;\"><strong><\/strong><\/span><span style=\"color: #ffffff;\">1992-1993<\/span><\/p>\n<p class=\"has-medium-font-size\">\n<p>[\/et_pb_text][\/et_pb_column][\/et_pb_row][et_pb_row _builder_version=\u00a0\u00bb4.22.2&Prime; _module_preset=\u00a0\u00bbdefault\u00a0\u00bb custom_padding=\u00a0\u00bb25px||25px||true|false\u00a0\u00bb global_colors_info=\u00a0\u00bb{}\u00a0\u00bb][et_pb_column type=\u00a0\u00bb4_4&Prime; _builder_version=\u00a0\u00bb4.22.2&Prime; _module_preset=\u00a0\u00bbdefault\u00a0\u00bb global_colors_info=\u00a0\u00bb{}\u00a0\u00bb][et_pb_text _builder_version=\u00a0\u00bb4.22.2&Prime; _module_preset=\u00a0\u00bbdefault\u00a0\u00bb text_text_color=\u00a0\u00bb#FFFFFF\u00a0\u00bb text_font_size=\u00a0\u00bb20px\u00a0\u00bb text_line_height=\u00a0\u00bb1.8em\u00a0\u00bb width_tablet=\u00a0\u00bb\u00a0\u00bb width_phone=\u00a0\u00bb\u00a0\u00bb width_last_edited=\u00a0\u00bbon|desktop\u00a0\u00bb custom_padding=\u00a0\u00bb11px|||||\u00a0\u00bb text_font_size_tablet=\u00a0\u00bb18px\u00a0\u00bb text_font_size_phone=\u00a0\u00bb16px\u00a0\u00bb text_font_size_last_edited=\u00a0\u00bbon|phone\u00a0\u00bb global_colors_info=\u00a0\u00bb{}\u00a0\u00bb]<\/p>\n<p>Michel \u00e9volue dans le milieu des arts de la sc\u00e8ne depuis plus de trente ans. D\u2019abord technicien en sonorisation, puis sonorisateur, il se tourne rapidement vers la direction technique l\u00e0 o\u00f9 les d\u00e9fis sont plus vari\u00e9s. Il a \u00e9t\u00e9 pendant sept ans directeur technique pour Le Moulin \u00e0 Images et Aurora Borealis de Robert Lepage \/ Ex Machina (2007 \u00e0 2013), alors que Mario assurait la direction de production. Depuis, il travaille principalement en sc\u00e9nographie \u00e0 titre de charg\u00e9 de projet et d\u2019int\u00e9grateur technique au sein de l\u2019entreprise Proscenium Studio.<\/p>\n<p>C\u2019est au fil d\u2019une multitude d\u2019\u00e9v\u00e8nements et \u00e0 la pi\u00e8ce qu\u2019il va acqu\u00e9rir ses exp\u00e9riences. Ainsi, la liste de celles-ci compte des \u00e9v\u00e8nements internationaux importants tels que le Sommet des Am\u00e9riques au Centre des congr\u00e8s de Qu\u00e9bec o\u00f9 il a travaill\u00e9 \u00e0 titre de coordonnateur technique pendant deux (2) ans, les c\u00e9l\u00e9brations du Mill\u00e9naire \u00e0 Hull, le Sommet de la francophonie \u00e0 Moncton, la direction de production du Festival des enfants du monde, la direction de production chez Cirque \u00c9OS et de nombreuses tourn\u00e9es tant nationales qu\u2019internationales.<\/p>\n<p>Michel a parall\u00e8lement d\u00e9velopp\u00e9 des aptitudes dans la gestion des \u00e9v\u00e8nements : utilisation efficace et optimale des ressources humaines, mise \u00e0 niveau des installations pour r\u00e9pondre aux exigences de la r\u00e9gie du b\u00e2timent, mise en place de mesures de s\u00e9curit\u00e9 ad\u00e9quates aupr\u00e8s des employ\u00e9s, gestion de parcs d\u2019\u00e9quipements avec une vision claire et juste des besoins r\u00e9els souvent corollaires d\u2019\u00e9conomies importantes.<\/p>\n<p>C\u2019est sa curiosit\u00e9 naturelle et sa qu\u00eate de connaissances des nouvelles technologies qui poussent Michel vers l\u2019int\u00e9gration technique multim\u00e9dia. Gr\u00e2ce \u00e0 ses exp\u00e9riences de travail, il a su d\u00e9velopper une facilit\u00e9 \u00e0 int\u00e9grer les multiples technologies associ\u00e9es \u00e0 la production d\u2019\u00e9v\u00e8nements d\u2019envergure. Il fut l\u2019un des pr\u00e9curseurs dans l\u2019utilisation de la technologie num\u00e9rique en sonorisation \u00e0 Qu\u00e9bec.<\/p>\n<p>Son audace l\u2019a men\u00e9 \u00e0 concevoir des installations faisant usage des derniers concepts num\u00e9riques. Il a ainsi acquis une certaine r\u00e9putation aupr\u00e8s des repr\u00e9sentants des fabricants d\u2019\u00e9quipements de sonorisation et de haute technologie. C\u2019est au cours du d\u00e9ploiement des installations\u00a0Le\u00a0Moulin \u00e0\u00a0Images qu\u2019il a pu vraiment pousser les limites alors admises dans la convergence des\u00a0diff\u00e9rentes technologies en un m\u00eame projet.\u00a0Ainsi, il a su interrelier les diff\u00e9rents protocoles de communication et simplifier l\u2019architecture technique de l\u2019installation afin de minimiser les besoins en ressources humaines pour l\u2019op\u00e9ration et la maintenance de l\u2019\u0153uvre.<\/p>\n<p>[\/et_pb_text][\/et_pb_column][\/et_pb_row][\/et_pb_section][et_pb_section fb_built=\u00a0\u00bb1&Prime; custom_padding_last_edited=\u00a0\u00bbon|phone\u00a0\u00bb _builder_version=\u00a0\u00bb4.22.2&Prime; _module_preset=\u00a0\u00bbdefault\u00a0\u00bb custom_padding_tablet=\u00a0\u00bb25px||25px||true|false\u00a0\u00bb custom_padding_phone=\u00a0\u00bb25px||25px||true|false\u00a0\u00bb global_colors_info=\u00a0\u00bb{}\u00a0\u00bb][et_pb_row _builder_version=\u00a0\u00bb4.25.0&Prime; _module_preset=\u00a0\u00bbdefault\u00a0\u00bb custom_padding=\u00a0\u00bb25px||25px||true|false\u00a0\u00bb hover_enabled=\u00a0\u00bb0&Prime; global_colors_info=\u00a0\u00bb{}\u00a0\u00bb custom_padding_last_edited=\u00a0\u00bbon|phone\u00a0\u00bb sticky_enabled=\u00a0\u00bb0&Prime; custom_padding_phone=\u00a0\u00bb0px||0px||true|false\u00a0\u00bb custom_padding_tablet=\u00a0\u00bb25px||25px||true|false\u00a0\u00bb][et_pb_column type=\u00a0\u00bb4_4&Prime; _builder_version=\u00a0\u00bb4.22.2&Prime; _module_preset=\u00a0\u00bbdefault\u00a0\u00bb global_colors_info=\u00a0\u00bb{}\u00a0\u00bb][et_pb_text _builder_version=\u00a0\u00bb4.25.0&Prime; _module_preset=\u00a0\u00bbdefault\u00a0\u00bb text_text_color=\u00a0\u00bb#000000&Prime; text_font_size=\u00a0\u00bb50px\u00a0\u00bb text_line_height=\u00a0\u00bb1.2em\u00a0\u00bb header_text_align=\u00a0\u00bbcenter\u00a0\u00bb header_text_color=\u00a0\u00bb#FFFFFF\u00a0\u00bb custom_padding=\u00a0\u00bb0px||70px||false|false\u00a0\u00bb custom_padding_tablet=\u00a0\u00bb10px||0px||false|false\u00a0\u00bb custom_padding_phone=\u00a0\u00bb10px||0px||false|false\u00a0\u00bb custom_padding_last_edited=\u00a0\u00bbon|desktop\u00a0\u00bb hover_enabled=\u00a0\u00bb0&Prime; text_font_size_tablet=\u00a0\u00bb40px\u00a0\u00bb text_font_size_phone=\u00a0\u00bb25px\u00a0\u00bb text_font_size_last_edited=\u00a0\u00bbon|phone\u00a0\u00bb global_colors_info=\u00a0\u00bb{}\u00a0\u00bb min_height=\u00a0\u00bb130px\u00a0\u00bb sticky_enabled=\u00a0\u00bb0&Prime;]<\/p>\n<p style=\"text-align: center;\"><strong><span>Partenaire de Proscenium Studio<\/span><\/strong><\/p>\n<p>[\/et_pb_text][\/et_pb_column][\/et_pb_row][et_pb_row column_structure=\u00a0\u00bb1_2,1_2&Prime; _builder_version=\u00a0\u00bb4.25.0&Prime; _module_preset=\u00a0\u00bbdefault\u00a0\u00bb custom_padding=\u00a0\u00bb25px||25px||true|false\u00a0\u00bb hover_enabled=\u00a0\u00bb0&Prime; global_colors_info=\u00a0\u00bb{}\u00a0\u00bb custom_padding_last_edited=\u00a0\u00bbon|tablet\u00a0\u00bb sticky_enabled=\u00a0\u00bb0&Prime; custom_padding_phone=\u00a0\u00bb0px||0px||true|false\u00a0\u00bb custom_padding_tablet=\u00a0\u00bb25px||25px||true|false\u00a0\u00bb][et_pb_column type=\u00a0\u00bb1_2&Prime; _builder_version=\u00a0\u00bb4.22.2&Prime; _module_preset=\u00a0\u00bbdefault\u00a0\u00bb global_colors_info=\u00a0\u00bb{}\u00a0\u00bb][et_pb_image src=\u00a0\u00bbhttps:\/\/www.prosceniumstudio.com\/wp-content\/uploads\/2024\/01\/Dominique-Rivard-1000&#215;1000-1.jpg\u00a0\u00bb title_text=\u00a0\u00bbDominique Rivard-1000&#215;1000&Prime; align=\u00a0\u00bbcenter\u00a0\u00bb _builder_version=\u00a0\u00bb4.23.4&Prime; _module_preset=\u00a0\u00bbdefault\u00a0\u00bb max_height=\u00a0\u00bb540px\u00a0\u00bb max_height_tablet=\u00a0\u00bb\u00a0\u00bb max_height_phone=\u00a0\u00bb\u00a0\u00bb max_height_last_edited=\u00a0\u00bbon|phone\u00a0\u00bb border_radii=\u00a0\u00bbon|15px|15px|15px|15px\u00a0\u00bb global_colors_info=\u00a0\u00bb{}\u00a0\u00bb][\/et_pb_image][\/et_pb_column][et_pb_column type=\u00a0\u00bb1_2&Prime; _builder_version=\u00a0\u00bb4.25.0&Prime; _module_preset=\u00a0\u00bbdefault\u00a0\u00bb global_colors_info=\u00a0\u00bb{}\u00a0\u00bb][et_pb_text _builder_version=\u00a0\u00bb4.22.2&Prime; _module_preset=\u00a0\u00bbdefault\u00a0\u00bb text_font_size=\u00a0\u00bb20px\u00a0\u00bb text_line_height=\u00a0\u00bb1.8em\u00a0\u00bb width_tablet=\u00a0\u00bb\u00a0\u00bb width_phone=\u00a0\u00bb\u00a0\u00bb width_last_edited=\u00a0\u00bbon|desktop\u00a0\u00bb hover_enabled=\u00a0\u00bb0&Prime; text_font_size_tablet=\u00a0\u00bb18px\u00a0\u00bb text_font_size_phone=\u00a0\u00bb16px\u00a0\u00bb text_font_size_last_edited=\u00a0\u00bbon|phone\u00a0\u00bb text_line_height_tablet=\u00a0\u00bb1.8em\u00a0\u00bb text_line_height_phone=\u00a0\u00bb2.2em\u00a0\u00bb text_line_height_last_edited=\u00a0\u00bbon|phone\u00a0\u00bb global_colors_info=\u00a0\u00bb{}\u00a0\u00bb sticky_enabled=\u00a0\u00bb0&Prime;]<\/p>\n<p class=\"has-huge-font-size\"><span style=\"color: #035b45;\"><strong style=\"font-size: var(--wp--preset--font-size--huge);\">Dominique Rivard<br \/><\/strong><\/span><span style=\"color: #035b45;\"><strong><\/strong><\/span><span style=\"color: #035b45;\"><strong style=\"font-size: var(--wp--preset--font-size--huge);\"><\/strong><\/span><span style=\"color: #035b45;\"><strong style=\"font-size: var(--wp--preset--font-size--huge);\"><\/strong><\/span><span style=\"color: #035b45; font-size: xx-large;\"><strong><\/strong><\/span><span style=\"color: #035b45; font-size: xx-large;\">avanTou<\/span><\/p>\n<p class=\"has-medium-font-size\"><span style=\"color: #035b45;\"><strong><span style=\"font-size: xx-large;\">\u00c9tudes :<\/span><br \/><\/strong><strong><\/strong><strong><\/strong><\/span><span style=\"color: #035b45;\"><strong>C\u00e9gep de L\u00e9vis Lauzon<br \/>Dipl\u00f4me en technologie de l\u2019architecture<\/strong><\/span><br \/><span style=\"color: #035b45;\">2007<\/span><\/p>\n<p class=\"has-medium-font-size\"><span style=\"color: #035b45;\"><strong>C\u00e9gep de Limoilou<br \/>Dipl\u00f4me en technologie de l\u2019\u00e9lectronique<br \/>profil audiovisuel<br \/><\/strong>2003<\/span><\/p>\n<p>[\/et_pb_text][\/et_pb_column][\/et_pb_row][et_pb_row _builder_version=\u00a0\u00bb4.22.2&Prime; _module_preset=\u00a0\u00bbdefault\u00a0\u00bb custom_padding=\u00a0\u00bb25px||25px||true|false\u00a0\u00bb global_colors_info=\u00a0\u00bb{}\u00a0\u00bb][et_pb_column type=\u00a0\u00bb4_4&Prime; _builder_version=\u00a0\u00bb4.22.2&Prime; _module_preset=\u00a0\u00bbdefault\u00a0\u00bb global_colors_info=\u00a0\u00bb{}\u00a0\u00bb][et_pb_text _builder_version=\u00a0\u00bb4.22.2&Prime; _module_preset=\u00a0\u00bbdefault\u00a0\u00bb text_font_size=\u00a0\u00bb20px\u00a0\u00bb text_line_height=\u00a0\u00bb1.8em\u00a0\u00bb width_tablet=\u00a0\u00bb\u00a0\u00bb width_phone=\u00a0\u00bb\u00a0\u00bb width_last_edited=\u00a0\u00bbon|desktop\u00a0\u00bb text_font_size_tablet=\u00a0\u00bb18px\u00a0\u00bb text_font_size_phone=\u00a0\u00bb16px\u00a0\u00bb text_font_size_last_edited=\u00a0\u00bbon|phone\u00a0\u00bb global_colors_info=\u00a0\u00bb{}\u00a0\u00bb]<\/p>\n<p><span style=\"color: #035b45;\">Dominique cumule pr\u00e8s de vingt ans d\u2019exp\u00e9rience en technique de sc\u00e8ne et en \u00e9v\u00e9nementiel. Technologue en architecture et mod\u00e9lisateur 3D depuis plusieurs ann\u00e9es, il est constamment \u00e0 l\u2019aff\u00fbt des nouvelles plateformes et techniques de mod\u00e9lisation. Il poss\u00e8de les connaissances et les \u00e9quipements pour la r\u00e9alisation de relev\u00e9s par balayage laser haute densit\u00e9. Convaincu que le dessin technique est essentiel \u00e0 tout projet, qu\u2019il soit petit ou d\u2019envergure, il r\u00e9ussit \u00e0 traduire les id\u00e9es des cr\u00e9ateurs et promoteurs en plans d\u2019am\u00e9nagement et rendus r\u00e9alistes.<\/span><\/p>\n<p><span style=\"color: #035b45;\">Tr\u00e8s en demande au Qu\u00e9bec pour ses talents de dessinateur technique et mod\u00e9lisateur 3D il r\u00e9ussit, en m\u00e9langeant logiciel de dessin 3D et plateforme de rendu architecturaux \u00e0 cr\u00e9er des mod\u00e9lisations r\u00e9alistes \u00e0 l\u2019\u00e9chelle, aux fins de d\u00e9monstration des espaces en situation r\u00e9elle.<\/span><\/p>\n<p><span style=\"color: #035b45;\">La polyvalence de Dominique est un atout dans une \u00e9quipe multidisciplinaire. Il poss\u00e8de de bonnes connaissances en architecture, en accrochage sc\u00e9nique, en \u00e9clairage, en projection vid\u00e9o et en sonorisation. Il connait les r\u00e8gles de s\u00e9curit\u00e9 et incendie, les m\u00e9thodes de service alimentaire et sait comment am\u00e9nager des espaces de fa\u00e7on efficace et s\u00e9curitaire.<\/span><\/p>\n<p>[\/et_pb_text][\/et_pb_column][\/et_pb_row][\/et_pb_section][et_pb_section fb_built=\u00a0\u00bb1&Prime; _builder_version=\u00a0\u00bb4.22.2&Prime; _module_preset=\u00a0\u00bbdefault\u00a0\u00bb background_color=\u00a0\u00bbrgba(221,221,221,0.15)\u00a0\u00bb custom_padding=\u00a0\u00bb30px||29px|||\u00a0\u00bb global_module=\u00a0\u00bb24705&Prime; saved_tabs=\u00a0\u00bball\u00a0\u00bb global_colors_info=\u00a0\u00bb{}\u00a0\u00bb][et_pb_row custom_padding_last_edited=\u00a0\u00bbon|phone\u00a0\u00bb _builder_version=\u00a0\u00bb4.22.2&Prime; _module_preset=\u00a0\u00bbdefault\u00a0\u00bb background_color=\u00a0\u00bbRGBA(255,255,255,0)\u00a0\u00bb custom_padding=\u00a0\u00bb125px||25px||false|false\u00a0\u00bb custom_padding_tablet=\u00a0\u00bb50px||50px||false|false\u00a0\u00bb custom_padding_phone=\u00a0\u00bb25px||25px||false|false\u00a0\u00bb global_colors_info=\u00a0\u00bb{}\u00a0\u00bb][et_pb_column type=\u00a0\u00bb4_4&Prime; _builder_version=\u00a0\u00bb4.22.2&Prime; _module_preset=\u00a0\u00bbdefault\u00a0\u00bb global_colors_info=\u00a0\u00bb{}\u00a0\u00bb][et_pb_menu menu_style=\u00a0\u00bbcentered\u00a0\u00bb submenu_direction=\u00a0\u00bbupwards\u00a0\u00bb active_link_color=\u00a0\u00bb#008C2C\u00a0\u00bb dropdown_menu_bg_color=\u00a0\u00bb#FFFFFF\u00a0\u00bb dropdown_menu_line_color=\u00a0\u00bb#035B45&Prime; dropdown_menu_active_link_color=\u00a0\u00bb#008C2C\u00a0\u00bb mobile_menu_bg_color=\u00a0\u00bb#FFFFFF\u00a0\u00bb mobile_menu_text_color=\u00a0\u00bb#035B45&Prime; _builder_version=\u00a0\u00bb4.22.2&Prime; _module_preset=\u00a0\u00bbdefault\u00a0\u00bb menu_text_color=\u00a0\u00bb#035B45&Prime; background_color=\u00a0\u00bbRGBA(255,255,255,0)\u00a0\u00bb global_colors_info=\u00a0\u00bb{}\u00a0\u00bb][\/et_pb_menu][\/et_pb_column][\/et_pb_row][et_pb_row _builder_version=\u00a0\u00bb4.22.2&Prime; _module_preset=\u00a0\u00bbdefault\u00a0\u00bb custom_padding=\u00a0\u00bb0px||0px||true|false\u00a0\u00bb global_colors_info=\u00a0\u00bb{}\u00a0\u00bb][et_pb_column type=\u00a0\u00bb4_4&Prime; _builder_version=\u00a0\u00bb4.22.2&Prime; _module_preset=\u00a0\u00bbdefault\u00a0\u00bb global_colors_info=\u00a0\u00bb{}\u00a0\u00bb][et_pb_icon font_icon=\u00a0\u00bb&#x3a;||divi||400&Prime; icon_color=\u00a0\u00bb#035B45&Prime; icon_width=\u00a0\u00bb25px\u00a0\u00bb url=\u00a0\u00bb#top\u00a0\u00bb _builder_version=\u00a0\u00bb4.22.2&Prime; _module_preset=\u00a0\u00bbdefault\u00a0\u00bb custom_padding=\u00a0\u00bb25px||25px||false|false\u00a0\u00bb global_colors_info=\u00a0\u00bb{}\u00a0\u00bb][\/et_pb_icon][\/et_pb_column][\/et_pb_row][et_pb_row _builder_version=\u00a0\u00bb4.22.2&Prime; _module_preset=\u00a0\u00bbdefault\u00a0\u00bb custom_padding=\u00a0\u00bb0px||0px|||\u00a0\u00bb global_colors_info=\u00a0\u00bb{}\u00a0\u00bb][et_pb_column type=\u00a0\u00bb4_4&Prime; _builder_version=\u00a0\u00bb4.22.2&Prime; _module_preset=\u00a0\u00bbdefault\u00a0\u00bb global_colors_info=\u00a0\u00bb{}\u00a0\u00bb][et_pb_text _builder_version=\u00a0\u00bb4.22.2&Prime; _module_preset=\u00a0\u00bbdefault\u00a0\u00bb text_text_color=\u00a0\u00bb#035B45&Prime; global_colors_info=\u00a0\u00bb{}\u00a0\u00bb]<\/p>\n<p style=\"text-align: center;\"><span>\u00a9 2023\u00a0\u00a0<\/span><span class=\"copyright\">Proscenium Studio &#8211; Tous droits r\u00e9serv\u00e9s<\/span><\/p>\n<p>[\/et_pb_text][\/et_pb_column][\/et_pb_row][\/et_pb_section]<\/p>\n","protected":false},"excerpt":{"rendered":"<p>Notre \u00e9quipe de directionLes membres de l\u2019\u00e9quipe Proscenium Studio sont issus du milieu des arts de la sc\u00e8ne et de l\u2019\u00e9v\u00e9nementiel, notre approche s\u2019appuie sur la compr\u00e9hension des r\u00e9els besoins des usagers. Toutes les solutions retenues tiennent compte des r\u00e9sultats attendus par les artistes, les directeurs, les techniciens et autres utilisateurs. Comme nous avons l\u2019habitude [&hellip;]<\/p>\n","protected":false},"author":1,"featured_media":0,"parent":0,"menu_order":0,"comment_status":"closed","ping_status":"closed","template":"","meta":{"_et_pb_use_builder":"on","_et_pb_old_content":"<!-- wp:cover {\"url\":\"https:\/\/www.prosceniumstudio.com\/wp-content\/uploads\/2023\/03\/Organigrame-Header-scaled.jpg\",\"id\":474,\"dimRatio\":40,\"overlayColor\":\"quaternary\",\"minHeight\":800,\"isDark\":false,\"align\":\"full\"} -->\n<div class=\"wp-block-cover alignfull is-light\" style=\"min-height:800px\"><span aria-hidden=\"true\" class=\"wp-block-cover__background has-quaternary-background-color has-background-dim-40 has-background-dim\"><\/span><img class=\"wp-block-cover__image-background wp-image-474\" alt=\"\" src=\"https:\/\/www.prosceniumstudio.com\/wp-content\/uploads\/2023\/03\/Organigrame-Header-scaled.jpg\" data-object-fit=\"cover\"\/><div class=\"wp-block-cover__inner-container\"><!-- wp:heading {\"level\":1,\"editorskit\":{\"devices\":false,\"desktop\":true,\"tablet\":true,\"mobile\":true,\"loggedin\":true,\"loggedout\":true,\"acf_visibility\":\"\",\"acf_field\":\"\",\"acf_condition\":\"\",\"acf_value\":\"\",\"migrated\":false,\"unit_test\":false}} -->\n<h1 class=\"wp-block-heading\"><strong>Notre \u00e9quipe<\/strong> de direction<\/h1>\n<!-- \/wp:heading --><\/div><\/div>\n<!-- \/wp:cover -->\n\n<!-- wp:heading {\"textAlign\":\"center\",\"level\":5,\"align\":\"wide\",\"className\":\"remove-bottom-space-0\",\"fontSize\":\"huge\",\"editorskit\":{\"devices\":false,\"desktop\":true,\"tablet\":true,\"mobile\":true,\"loggedin\":true,\"loggedout\":true,\"acf_visibility\":\"\",\"acf_field\":\"\",\"acf_condition\":\"\",\"acf_value\":\"\",\"migrated\":false,\"unit_test\":false}} -->\n<h5 class=\"wp-block-heading alignwide has-text-align-center remove-bottom-space-0 has-huge-font-size\">Les membres de l\u2019\u00e9quipe Proscenium Studio sont issus du milieu des arts de la sc\u00e8ne et de l\u2019\u00e9v\u00e9nementiel, notre approche s\u2019appuie sur la compr\u00e9hension des r\u00e9els besoins des usagers. Toutes les solutions retenues tiennent compte des r\u00e9sultats attendus par les artistes, les directeurs, les techniciens et autres utilisateurs. Comme nous avons l\u2019habitude de fr\u00e9quenter et d\u2019utiliser les lieux culturels et plus particuli\u00e8rement les salles de spectacles pour pr\u00e9senter, produire et cr\u00e9er des&nbsp;prestations&nbsp;de toutes disciplines, instinctivement les choix d\u2019am\u00e9nagement et d\u2019\u00e9quipements s\u2019appuient et se justifient sur une exp\u00e9rience utilisateur.<\/h5>\n<!-- \/wp:heading -->\n\n<!-- wp:columns {\"align\":\"wide\",\"className\":\"remove-bottom-space-0\"} -->\n<div class=\"wp-block-columns alignwide remove-bottom-space-0\"><!-- wp:column -->\n<div class=\"wp-block-column\"><!-- wp:image {\"id\":999,\"width\":311,\"height\":311,\"scale\":\"cover\",\"sizeSlug\":\"large\",\"linkDestination\":\"none\",\"className\":\"is-style-default\",\"editorskit\":{\"devices\":false,\"desktop\":true,\"tablet\":true,\"mobile\":true,\"loggedin\":true,\"loggedout\":true,\"acf_visibility\":\"\",\"acf_field\":\"\",\"acf_condition\":\"\",\"acf_value\":\"\",\"migrated\":false,\"unit_test\":false}} -->\n<figure class=\"wp-block-image size-large is-resized is-style-default\"><img src=\"https:\/\/www.prosceniumstudio.com\/wp-content\/uploads\/2023\/08\/218-photos-corpo-20-07-202306275-1920x1920-1-1024x1024.jpg\" alt=\"\" class=\"wp-image-999\" style=\"object-fit:cover;width:311px;height:311px\" width=\"311\" height=\"311\"\/><\/figure>\n<!-- \/wp:image --><\/div>\n<!-- \/wp:column -->\n\n<!-- wp:column -->\n<div class=\"wp-block-column\"><!-- wp:heading {\"editorskit\":{\"devices\":false,\"desktop\":true,\"tablet\":true,\"mobile\":true,\"loggedin\":true,\"loggedout\":true,\"acf_visibility\":\"\",\"acf_field\":\"\",\"acf_condition\":\"\",\"acf_value\":\"\",\"migrated\":false,\"unit_test\":false}} -->\n<h2 class=\"wp-block-heading\">Mario Brien<\/h2>\n<!-- \/wp:heading -->\n\n<!-- wp:paragraph {\"fontSize\":\"huge\"} -->\n<p class=\"has-huge-font-size\"><strong>\u00c9tudes&nbsp;:<\/strong><\/p>\n<!-- \/wp:paragraph -->\n\n<!-- wp:paragraph {\"fontSize\":\"medium\"} -->\n<p class=\"has-medium-font-size\"><strong>Attestation R\u00e9gie G\u00e9n\u00e9rale Th\u00e9\u00e2tre National <\/strong><br><strong>de Strasbourg<\/strong><br>1990<\/p>\n<!-- \/wp:paragraph -->\n\n<!-- wp:paragraph {\"fontSize\":\"medium\"} -->\n<p class=\"has-medium-font-size\"><strong>DEC en Production th\u00e9\u00e2trale - Option Th\u00e9\u00e2tre <\/strong><br><strong>de Ste-Th\u00e9r\u00e8se<br><\/strong>1987 \u00e0 1989<\/p>\n<!-- \/wp:paragraph -->\n\n<!-- wp:paragraph {\"fontSize\":\"medium\"} -->\n<p class=\"has-medium-font-size\"><strong>Langue Espagnol Escuela Tecun Uman Guatemala&nbsp;<\/strong><br>1986<\/p>\n<!-- \/wp:paragraph -->\n\n<!-- wp:paragraph {\"fontSize\":\"medium\"} -->\n<p class=\"has-medium-font-size\"><strong>DEP en Dessin technique Qu\u00e9bec&nbsp;<\/strong><strong><\/strong><br>1985<\/p>\n<!-- \/wp:paragraph --><\/div>\n<!-- \/wp:column --><\/div>\n<!-- \/wp:columns -->\n\n<!-- wp:columns {\"align\":\"wide\",\"className\":\"remove-top-space-0\"} -->\n<div class=\"wp-block-columns alignwide remove-top-space-0\"><!-- wp:column {\"width\":\"1440px\",\"fontSize\":\"large\"} -->\n<div class=\"wp-block-column has-large-font-size has-large-font-size\" style=\"flex-basis:1440px\"><!-- wp:paragraph {\"style\":{\"typography\":{\"lineHeight\":\"1.6\"}},\"fontSize\":\"large\"} -->\n<p class=\"has-large-font-size\" style=\"line-height:1.6\">Mario \u0153uvre dans le milieu des arts de la sc\u00e8ne comme consultant en sc\u00e9nographie et int\u00e9grateur technique, directeur de production et directeur technique, depuis plus de 30 ans.&nbsp;<\/p>\n<!-- \/wp:paragraph -->\n\n<!-- wp:paragraph {\"style\":{\"typography\":{\"lineHeight\":\"1.6\"}},\"fontSize\":\"large\"} -->\n<p class=\"has-large-font-size\" style=\"line-height:1.6\">Ayant fait plusieurs ann\u00e9es de cr\u00e9ation et de tourn\u00e9e ici et \u00e0 l\u2019\u00e9tranger en portant les chapeaux de directeur de production, directeur technique et r\u00e9gisseur avec les compagnies de danse La La La Human Steps et Carbone 14, pour ne nommer que celles-l\u00e0, il f\u00fbt appel\u00e9 \u00e0 travailler dans diff\u00e9rents types de th\u00e9\u00e2tres, allant du th\u00e9\u00e2tre \u00e0 g\u00e9om\u00e9trie variable \u00e0 la salle d\u2019op\u00e9ra, et ce dans diff\u00e9rents pays, coutumes et m\u00e9thodologies. En ext\u00e9rieur comme en int\u00e9rieur, il est un utilisateur d\u2019espace sc\u00e9nique et sait adapter un spectacle aux espaces et l\u2019espace aux spectacles.&nbsp;<\/p>\n<!-- \/wp:paragraph -->\n\n<!-- wp:paragraph {\"style\":{\"typography\":{\"lineHeight\":\"1.6\"}},\"fontSize\":\"large\"} -->\n<p class=\"has-large-font-size\" style=\"line-height:1.6\">De plus, parall\u00e8lement aux cr\u00e9ations et tourn\u00e9es, Mario a toujours travaill\u00e9 comme directeur technique et directeur de production \u00e0 la pr\u00e9sentation et diffusion de spectacles, que ce soit avec le Festival des Am\u00e9riques, le Festival de Nouvelle Danse ou encore aupr\u00e8s de la Place des Arts. Lors de ces diffusions, ses fonctions \u00e9taient d\u2019analyser les fiches techniques et besoins artistiques des spectacles \u00e0 diffuser, et de louer les salles ad\u00e9quates qui r\u00e9pondent aux besoins artistiques et techniques des productions \u00e0 pr\u00e9senter. Il devait pr\u00e9parer techniquement les salles avec \u00e9quipements et personnels pour le montage, les r\u00e9p\u00e9titions, spectacles et d\u00e9montage des productions. Il devait aussi pr\u00e9parer les budgets de production, les faire approuver et ensuite assurer la gestion budg\u00e9taire des productions. Bien s\u00fbr, il devait s\u2019assurer que le r\u00e9sultat artistique des prestations soit au rendez-vous et qu\u2019ils r\u00e9pondent aux attentes des metteurs en sc\u00e8ne, chor\u00e9graphes et concepteurs.<\/p>\n<!-- \/wp:paragraph -->\n\n<!-- wp:paragraph {\"style\":{\"typography\":{\"lineHeight\":\"1.6\"}},\"fontSize\":\"large\"} -->\n<p class=\"has-large-font-size\" style=\"line-height:1.6\">Durant ces intenses ann\u00e9es, il fit l\u2019acquisition d\u2019une fine expertise et connaissance en \u00e9quipement sc\u00e9nographique, audiovisuel et en gestion de projets. Il fut par la suite approch\u00e9 par des firmes d\u2019architectes l\u2019invitant \u00e0 participer \u00e0 la r\u00e9alisation de projets de salle de spectacles et autres espaces culturels.&nbsp;En 2014 il fonde l\u2019entreprise Mario Brien Inc. devenue aujourd\u2019hui Proscenium Studio consultant en sc\u00e9nographie, int\u00e9gration technique.&nbsp;Depuis l\u2019entreprise a r\u00e9alis\u00e9 plus d\u2019une quinzaine de projets de salles de spectacles, mus\u00e9es et espaces culturels. Il a aussi particip\u00e9 \u00e0 plus d\u2019une vingtaine d\u2019\u00e9tudes d\u2019avant-projet et programmes de construction. S\u2019ajoute occasionnellement \u00e0 cette pratique, la cr\u00e9ation et la diffusion de spectacles \u00e0 titre de directeur de production et directeur technique. La production de spectacles, quoiqu\u2019occasionnelle, lui permet de pr\u00e9server la vision d\u2019utilisateurs de lieu de prestation, ce qui est selon lui essentiel dans la pratique du consultant en sc\u00e9nographie.<\/p>\n<!-- \/wp:paragraph -->\n\n<!-- wp:paragraph {\"style\":{\"typography\":{\"lineHeight\":\"1.6\"}},\"fontSize\":\"large\"} -->\n<p class=\"has-large-font-size\" style=\"line-height:1.6\">Il est constamment \u00e0 l\u2019affut des nouveaut\u00e9s en termes d\u2019\u00e9quipement sc\u00e9nographique, technologique et num\u00e9rique par le biais de recherches et de salons sp\u00e9cialis\u00e9s, et ce, afin de mieux servir les cr\u00e9ateurs. Il est \u00e0 m\u00eame de prodiguer des conseils afin d\u2019orienter les investissements vers des \u00e9quipements qui r\u00e9pondront aux besoins actuels et qui resteront \u00e0 jour technologiquement le plus longtemps possible.<\/p>\n<!-- \/wp:paragraph -->\n\n<!-- wp:paragraph {\"style\":{\"typography\":{\"lineHeight\":\"1.6\"}},\"fontSize\":\"large\"} -->\n<p class=\"has-large-font-size\" style=\"line-height:1.6\">Grand p\u00e9dagogue et bon vulgarisateur, il est g\u00e9n\u00e9reux de son savoir. Son approche conviviale fait en sorte que les clients avec qui il a le privil\u00e8ge de collaborer se sentent compris et respect\u00e9s tout au long du processus. Il sait \u00e9galement s\u2019entourer de collaborateurs chevronn\u00e9s qui partagent les m\u00eames valeurs.&nbsp;<\/p>\n<!-- \/wp:paragraph -->\n\n<!-- wp:paragraph {\"style\":{\"typography\":{\"lineHeight\":\"1.6\"}},\"className\":\"remove-bottom-space-0\",\"fontSize\":\"large\"} -->\n<p class=\"remove-bottom-space-0 has-large-font-size\" style=\"line-height:1.6\">Mario Brien se veut au service des cr\u00e9ateurs et croit que le meilleur investissement reste le r\u00e9sultat artistique.&nbsp;<\/p>\n<!-- \/wp:paragraph --><\/div>\n<!-- \/wp:column --><\/div>\n<!-- \/wp:columns -->\n\n<!-- wp:group {\"align\":\"full\",\"backgroundColor\":\"primary\",\"layout\":{\"type\":\"constrained\"}} -->\n<div class=\"wp-block-group alignfull has-primary-background-color has-background\"><!-- wp:columns {\"align\":\"wide\",\"textColor\":\"quaternary\",\"className\":\"remove-bottom-space-0\"} -->\n<div class=\"wp-block-columns alignwide remove-bottom-space-0 has-quaternary-color has-text-color has-quaternary-color\"><!-- wp:column -->\n<div class=\"wp-block-column\"><!-- wp:image {\"id\":1001,\"sizeSlug\":\"large\",\"linkDestination\":\"none\"} -->\n<figure class=\"wp-block-image size-large\"><img src=\"https:\/\/www.prosceniumstudio.com\/wp-content\/uploads\/2023\/08\/218-photos-corpo-20-07-202306286-1920x1920-1-1024x1024.jpg\" alt=\"\" class=\"wp-image-1001\"\/><\/figure>\n<!-- \/wp:image --><\/div>\n<!-- \/wp:column -->\n\n<!-- wp:column -->\n<div class=\"wp-block-column\"><\/div>\n<!-- \/wp:column --><\/div>\n<!-- \/wp:columns -->\n\n<!-- wp:columns {\"align\":\"wide\",\"textColor\":\"quaternary\",\"className\":\"remove-top-space-0\"} -->\n<div class=\"wp-block-columns alignwide remove-top-space-0 has-quaternary-color has-text-color has-quaternary-color\"><!-- wp:column {\"fontSize\":\"large\"} -->\n<div class=\"wp-block-column has-large-font-size has-large-font-size\"><!-- wp:paragraph {\"fontSize\":\"large\"} -->\n<p class=\"has-large-font-size\">Michel \u00e9volue dans le milieu des arts de la sc\u00e8ne depuis plus de trente ans. D\u2019abord technicien en sonorisation, puis sonorisateur, il se tourne rapidement vers la direction technique l\u00e0 o\u00f9 les d\u00e9fis sont plus vari\u00e9s. Il a \u00e9t\u00e9 pendant sept ans directeur technique pour Le Moulin \u00e0 Images et Aurora Borealis de Robert Lepage \/ Ex Machina (2007 \u00e0 2013), alors que Mario assurait la direction de production. Depuis, il travaille principalement en sc\u00e9nographie \u00e0 titre de charg\u00e9 de projet et d\u2019int\u00e9grateur technique au sein de l\u2019entreprise Proscenium Studio.<\/p>\n<!-- \/wp:paragraph -->\n\n<!-- wp:paragraph {\"fontSize\":\"large\"} -->\n<p class=\"has-large-font-size\">C\u2019est au fil d\u2019une multitude d\u2019\u00e9v\u00e8nements et \u00e0 la pi\u00e8ce qu\u2019il va acqu\u00e9rir ses exp\u00e9riences. Ainsi, la liste de celles-ci compte des \u00e9v\u00e8nements internationaux importants tels que le Sommet des Am\u00e9riques au Centre des congr\u00e8s de Qu\u00e9bec o\u00f9 il a travaill\u00e9 \u00e0 titre de coordonnateur technique pendant deux (2) ans, les c\u00e9l\u00e9brations du Mill\u00e9naire \u00e0 Hull, le Sommet de la francophonie \u00e0 Moncton, la direction de production du Festival des enfants du monde, la direction de production chez Cirque \u00c9OS et de nombreuses tourn\u00e9es tant nationales qu\u2019internationales.<\/p>\n<!-- \/wp:paragraph -->\n\n<!-- wp:paragraph {\"fontSize\":\"large\"} -->\n<p class=\"has-large-font-size\">Michel a parall\u00e8lement d\u00e9velopp\u00e9 des aptitudes dans la gestion des \u00e9v\u00e8nements : utilisation efficace et optimale des ressources humaines, mise \u00e0 niveau des installations pour r\u00e9pondre aux exigences de la r\u00e9gie du b\u00e2timent, mise en place de mesures de s\u00e9curit\u00e9 ad\u00e9quates aupr\u00e8s des employ\u00e9s, gestion de parcs d\u2019\u00e9quipements avec une vision claire et juste des besoins r\u00e9els souvent corollaires d\u2019\u00e9conomies importantes.<\/p>\n<!-- \/wp:paragraph -->\n\n<!-- wp:paragraph {\"fontSize\":\"large\"} -->\n<p class=\"has-large-font-size\">C\u2019est sa curiosit\u00e9 naturelle et sa qu\u00eate de connaissances des nouvelles technologies qui poussent Michel vers l\u2019int\u00e9gration technique multim\u00e9dia. Gr\u00e2ce \u00e0 ses exp\u00e9riences de travail, il a su d\u00e9velopper une facilit\u00e9 \u00e0 int\u00e9grer les multiples technologies associ\u00e9es \u00e0 la production d\u2019\u00e9v\u00e8nements d\u2019envergure. Il fut l\u2019un des pr\u00e9curseurs dans l\u2019utilisation de la technologie num\u00e9rique en sonorisation \u00e0 Qu\u00e9bec.&nbsp;<\/p>\n<!-- \/wp:paragraph -->\n\n<!-- wp:paragraph {\"fontSize\":\"large\"} -->\n<p class=\"has-large-font-size\">Son audace l\u2019a men\u00e9 \u00e0 concevoir des installations faisant usage <br>des derniers concepts num\u00e9riques. Il a ainsi acquis une certaine r\u00e9putation aupr\u00e8s des repr\u00e9sentants des fabricants d\u2019\u00e9quipements de sonorisation et de haute technologie. C\u2019est au cours du d\u00e9ploiement des installations&nbsp;Le&nbsp;Moulin \u00e0&nbsp;Images qu\u2019il a pu vraiment pousser les limites alors admises dans la convergence des&nbsp;diff\u00e9rentes technologies en un m\u00eame projet.&nbsp;Ainsi, il a su interrelier les diff\u00e9rents protocoles de communication et simplifier l\u2019architecture technique de l\u2019installation afin de minimiser les besoins en ressources humaines pour l\u2019op\u00e9ration et la maintenance de l\u2019\u0153uvre.&nbsp;<\/p>\n<!-- \/wp:paragraph --><\/div>\n<!-- \/wp:column --><\/div>\n<!-- \/wp:columns --><\/div>\n<!-- \/wp:group -->\n\n<!-- wp:columns {\"align\":\"wide\",\"className\":\"remove-bottom-space-0\"} -->\n<div class=\"wp-block-columns alignwide remove-bottom-space-0\"><!-- wp:column -->\n<div class=\"wp-block-column\"><!-- wp:image {\"id\":496,\"sizeSlug\":\"full\",\"linkDestination\":\"none\"} -->\n<figure class=\"wp-block-image size-full\"><img src=\"https:\/\/www.prosceniumstudio.com\/wp-content\/uploads\/2023\/03\/Dominique-Rivard-1000x1000-2.jpg\" alt=\"\" class=\"wp-image-496\"\/><\/figure>\n<!-- \/wp:image --><\/div>\n<!-- \/wp:column -->\n\n<!-- wp:column -->\n<div class=\"wp-block-column\"><!-- wp:heading {\"editorskit\":{\"devices\":false,\"desktop\":true,\"tablet\":true,\"mobile\":true,\"loggedin\":true,\"loggedout\":true,\"acf_visibility\":\"\",\"acf_field\":\"\",\"acf_condition\":\"\",\"acf_value\":\"\",\"migrated\":false,\"unit_test\":false}} -->\n<h2 class=\"wp-block-heading\">Dominique Rivard<\/h2>\n<!-- \/wp:heading -->\n\n<!-- wp:paragraph {\"fontSize\":\"huge\"} -->\n<p class=\"has-huge-font-size\"><strong>\u00c9tudes&nbsp;:<\/strong><\/p>\n<!-- \/wp:paragraph -->\n\n<!-- wp:paragraph {\"fontSize\":\"medium\"} -->\n<p class=\"has-medium-font-size\"><strong>C\u00e9gep de L\u00e9vis Lauzon&nbsp;<\/strong><strong> <\/strong><strong><br><\/strong><strong>Dipl\u00f4me en technologie de l\u2019architecture<\/strong><br>2017<\/p>\n<!-- \/wp:paragraph -->\n\n<!-- wp:paragraph {\"fontSize\":\"medium\"} -->\n<p class=\"has-medium-font-size\"><strong>C\u00e9gep de Limoilou<br>Dipl\u00f4me en technologie de l\u2019\u00e9lectronique <\/strong><br><strong>profil audiovisuel<\/strong><br>2003<\/p>\n<!-- \/wp:paragraph --><\/div>\n<!-- \/wp:column --><\/div>\n<!-- \/wp:columns -->\n\n<!-- wp:columns {\"align\":\"wide\",\"className\":\"remove-top-space-0\"} -->\n<div class=\"wp-block-columns alignwide remove-top-space-0\"><!-- wp:column -->\n<div class=\"wp-block-column\"><!-- wp:paragraph {\"fontSize\":\"large\"} -->\n<p class=\"has-large-font-size\">Dominique cumule pr\u00e8s de vingt ans d'exp\u00e9rience en technique de sc\u00e8ne et en \u00e9v\u00e9nementiel. Technologue en architecture et mod\u00e9lisateur 3D depuis plusieurs ann\u00e9es, il est constamment \u00e0 l\u2019aff\u00fbt des nouvelles plateformes et techniques de mod\u00e9lisation. Il poss\u00e8de les connaissances et les \u00e9quipements pour la r\u00e9alisation de relev\u00e9s par balayage laser haute densit\u00e9. Convaincu que le dessin technique est essentiel \u00e0 tout projet, qu\u2019il soit petit ou d\u2019envergure, il r\u00e9ussit \u00e0 traduire les id\u00e9es des cr\u00e9ateurs et promoteurs en plans d\u2019am\u00e9nagement et rendus r\u00e9alistes.&nbsp;<\/p>\n<!-- \/wp:paragraph -->\n\n<!-- wp:paragraph {\"fontSize\":\"large\"} -->\n<p class=\"has-large-font-size\">Tr\u00e8s en demande au Qu\u00e9bec pour ses talents de dessinateur technique et mod\u00e9lisateur 3D il r\u00e9ussit, en m\u00e9langeant logiciel de dessin 3D et plateforme de rendu architecturaux \u00e0 cr\u00e9er des mod\u00e9lisations r\u00e9alistes \u00e0 l\u2019\u00e9chelle, aux fins de d\u00e9monstration des espaces en situation r\u00e9elle.&nbsp;<\/p>\n<!-- \/wp:paragraph -->\n\n<!-- wp:paragraph {\"fontSize\":\"large\"} -->\n<p class=\"has-large-font-size\">La polyvalence de Dominique est un atout dans une \u00e9quipe multidisciplinaire. Il poss\u00e8de de bonnes connaissances en architecture, en accrochage sc\u00e9nique, en \u00e9clairage, en projection vid\u00e9o et en sonorisation. Il connait les r\u00e8gles de s\u00e9curit\u00e9 et incendie, les m\u00e9thodes de service alimentaire et sait comment am\u00e9nager des espaces de fa\u00e7on efficace et s\u00e9curitaire.&nbsp;<\/p>\n<!-- \/wp:paragraph --><\/div>\n<!-- \/wp:column --><\/div>\n<!-- \/wp:columns -->","_et_gb_content_width":"","_editorskit_title_hidden":false,"_editorskit_reading_time":5,"_editorskit_is_block_options_detached":false,"_editorskit_block_options_position":"{}","inline_featured_image":false,"footnotes":""},"class_list":["post-28","page","type-page","status-publish","hentry"],"_links":{"self":[{"href":"https:\/\/www.prosceniumstudio.com\/es\/wp-json\/wp\/v2\/pages\/28","targetHints":{"allow":["GET"]}}],"collection":[{"href":"https:\/\/www.prosceniumstudio.com\/es\/wp-json\/wp\/v2\/pages"}],"about":[{"href":"https:\/\/www.prosceniumstudio.com\/es\/wp-json\/wp\/v2\/types\/page"}],"author":[{"embeddable":true,"href":"https:\/\/www.prosceniumstudio.com\/es\/wp-json\/wp\/v2\/users\/1"}],"replies":[{"embeddable":true,"href":"https:\/\/www.prosceniumstudio.com\/es\/wp-json\/wp\/v2\/comments?post=28"}],"version-history":[{"count":81,"href":"https:\/\/www.prosceniumstudio.com\/es\/wp-json\/wp\/v2\/pages\/28\/revisions"}],"predecessor-version":[{"id":25028,"href":"https:\/\/www.prosceniumstudio.com\/es\/wp-json\/wp\/v2\/pages\/28\/revisions\/25028"}],"wp:attachment":[{"href":"https:\/\/www.prosceniumstudio.com\/es\/wp-json\/wp\/v2\/media?parent=28"}],"curies":[{"name":"wp","href":"https:\/\/api.w.org\/{rel}","templated":true}]}}